{"id":17242,"date":"2023-07-24T15:22:53","date_gmt":"2023-07-24T13:22:53","guid":{"rendered":"https:\/\/www.zollcon.de\/carrera-profesional\/"},"modified":"2025-07-29T14:39:28","modified_gmt":"2025-07-29T12:39:28","slug":"carrera-profesional","status":"publish","type":"page","link":"https:\/\/www.zollcon.de\/es\/carrera-profesional\/","title":{"rendered":"Carrera"},"content":{"rendered":"<section class=\"wpb-content-wrapper\"><p>[vc_row gap=\u00bb40&#8243; content_placement=\u00bbmiddle\u00bb css=\u00bb.vc_custom_1681973037172{padding-top: 56px !important;padding-bottom: 48px !important;}\u00bb][vc_column animation_delay=\u00bb0&#8243; offset=\u00bbvc_col-lg-6 vc_col-md-6 vc_col-xs-12&#8243;]<h6 class=\"et-highlight-title \" style=\"font-size:12px;font-weight:700;line-height:24px;letter-spacing:0.5px;color:#9a9a9a;\" data-mobile-font=\"inherit\" data-tablet-font=\"inherit\"><span class=\"title-inner\">Bienvenido<span class=\"highlight-line\" style=\"background-color:#00ced1;\"><\/span><\/span><\/h6><h3 id=\"et-animated-title-1\" class=\"et-animated-title et-clearfix  words-direct\" data-mobile-font=\"16px\" data-tablet-font=\"inherit\" data-delay=\"100\" style=\"font-size:42px;font-weight:700;line-height:50px;color:#212121;\"><span class=\"text-wrapper\"><span class=\"text\">Portal de empleos de Zollcon GmbH.<\/span><\/span><\/h3>[\/vc_column][\/vc_row][vc_row gap=\u00bb40&#8243; content_placement=\u00bbmiddle\u00bb css=\u00bb.vc_custom_1681973037172{padding-top: 56px !important;padding-bottom: 48px !important;}\u00bb][vc_column animation_delay=\u00bb0&#8243; width=\u00bb1\/2&#8243; offset=\u00bbvc_col-lg-6 vc_col-md-6 vc_col-xs-12&#8243;][vc_column_text]Nuestro \u00e9xito como uno de los principales proveedores en gesti\u00f3n aduanera y comercial se debe a nuestros empleados motivados, comprometidos y talentosos. Nuestros servicios diversos e innovadores reflejan la experiencia y la pasi\u00f3n de cada miembro de nuestro equipo.<\/p>\n<p>En Zollcon GmbH, ofrecemos m\u00e1s que un trabajo; brindamos una carrera con futuro. Ya sea que est\u00e9 dando sus primeros pasos o tenga experiencia, le proporcionamos una amplia variedad de oportunidades de crecimiento y desarrollo profesional.[\/vc_column_text][\/vc_column][vc_column width=\u00bb1\/2&#8243;][vc_column_text]\u00danase a nuestro equipo y construya el futuro con nosotros. Estamos ansiosos por conocer sus habilidades, ideas y contribuci\u00f3n a nuestra cultura empresarial. Inicie su carrera en Zollcon GmbH y exploremos nuevas oportunidades juntos.<\/p>\n<p>Explore nuestras vacantes actuales, conozca nuestra cultura corporativa y descubra c\u00f3mo puede hacer realidad sus aspiraciones profesionales con Zollcon GmbH.[\/vc_column_text][\/vc_column][\/vc_row][vc_row full_width=\u00bbstretch_row_content\u00bb gap=\u00bb0&#8243; equal_height=\u00bbyes\u00bb content_placement=\u00bbmiddle\u00bb video_bg_fixed=\u00bbtrue\u00bb css=\u00bb.vc_custom_1675179896524{background-color: #212121 !important;background-position: center !important;background-repeat: no-repeat !important;background-size: cover !important;}\u00bb][vc_column animation_delay=\u00bb0&#8243; under480_padding_left=\u00bb5%\u00bb under480_padding_right=\u00bb5%\u00bb over480_under_768_padding_left=\u00bb5%\u00bb over480_under_768_padding_right=\u00bb5%\u00bb over768_under_1024_padding_left=\u00bb10%\u00bb over768_under_1024_padding_right=\u00bb10%\u00bb over1024_under_1280_padding_left=\u00bb15%\u00bb over1024_under_1280_padding_right=\u00bb15%\u00bb over1280_under_1366_padding_left=\u00bb5%\u00bb over1280_under_1366_padding_right=\u00bb5%\u00bb over1366_under_1600_padding_left=\u00bb15%\u00bb over1366_under_1600_padding_right=\u00bb15%\u00bb css=\u00bb.vc_custom_1532184075295{padding-top: 72px !important;padding-right: 200px !important;padding-bottom: 72px !important;padding-left: 200px !important;}\u00bb offset=\u00bbvc_col-lg-6 vc_col-md-12 vc_col-xs-12&#8243;]<div class=\"et-braket-block-wrapper\"><style>#et-braket-block-1 .braket-title {font-size:64px;font-weight:700;line-height:72px;color:#ffffff;}#et-braket-block-1 .braket-sub-title {color:#ffffff;}#et-braket-block-1 .braket-button {color:#ffffff !important;}#et-braket-block-1 .braket-button:hover {color:#ffffff !important;}#et-braket-block-1 .braket-button:before {box-shadow:inset 0 0 0 1px #ffffff;}#et-braket-block-1 .braket-button:after {background-color:#00ced1;}#et-braket-block-1 .braket > div:first-child,\r\n\t\t\t\t\t\t#et-braket-block-1 .braket > div:last-child,\r\n\t\t\t\t\t\t#et-braket-block-1 .braket > div:nth-child(2) > span  {background-color:#00ced1;}<\/style><div id=\"et-braket-block-1\" data-delay=\"0\" class=\"et-braket-block right \"><div class=\"braket-block-inner et-clearfix\"><div class=\"braket\"><div><\/div><div><span><\/span><\/div><div><\/div><\/div><div class=\"braket-block-content\"><p class=\"braket-sub-title\">LE OFRECEMOS<\/p><h1 class=\"braket-title\" data-mobile-font=\"32px\" data-tablet-font=\"inherit\">Un empleo para toda la vida<\/h1><\/div><\/div><div class=\"braket-block-content text et-clearfix\"><div class=\"et-clearfix braket-block-content-inner\"><p><span style=\"color: #ffffff;\">\u00a0\u00a1Env\u00edenos su solicitud para los puestos de a continuaci\u00f3n!<\/span><\/div><\/div><\/div><\/div>[\/vc_column][vc_column animation_delay=\u00bb0&#8243; parallax=\u00bbtrue\u00bb offset=\u00bbvc_col-lg-6 vc_col-md-12 vc_hidden-md vc_hidden-sm vc_col-xs-12 vc_hidden-xs\u00bb css=\u00bb.vc_custom_1673799603912{padding-top: 0px !important;}\u00bb parallax_image=\u00bb13997&#8243;]<div class=\"gap et-clearfix hide1279\" style=\"height:720px\"><\/div><div class=\"gap et-clearfix hide767 hide1280\" style=\"height:480px\"><\/div><div class=\"gap et-clearfix hide768\" style=\"height:280px\"><\/div>[\/vc_column][\/vc_row][vc_row full_width=\u00bbstretch_row\u00bb][vc_column][vc_tta_tabs][vc_tta_section title=\u00bbT\u00e9cnico en Aduanas \/ Especialista en Comercio Internacional &#8211; (Aduacon Mallorca S.L.)\u00bb tab_id=\u00bb1705596497539-f2794df1-e73d\u00bb][vc_column_text]<\/p>\n<div class=\"vc_tta-panel-body\">\n<div class=\"wpb_text_column wpb_content_element \">\n<div class=\"wpb_wrapper\">\n<p>Para nuestra filial Aduacon Mallorca S.L. buscamos empleados en Mallorca.<\/p>\n<p>Como empresa de consultor\u00eda aduanera y de comercio exterior, ofrecemos nuestros servicios en toda Espa\u00f1a. Nuestra actividad principal es el asesoramiento en todas las cuestiones de derecho aduanero y de derecho preferencial, as\u00ed como servicios aduaneros.<\/p>\n<p>Nuestros servicios se centran en el cliente, sus despachos de aduanas y la tramitaci\u00f3n de las formalidades aduaneras.<\/p>\n<p><strong>Ubicaci\u00f3n:<\/strong> Carrer d\u2019Antoni Torrandell 13, 07620 Llucmajor<\/p>\n<p>\u00bfEres apasionado por el comercio internacional y los procedimientos aduaneros? \u00a1\u00danete a nuestro equipo como T\u00e9cnico en Aduanas y desempe\u00f1a un papel fundamental en los despachos de aduana y la gesti\u00f3n de los tr\u00e1mites aduaneros!<\/p>\n<p><strong>Responsabilidades:<\/strong><\/p>\n<ul>\n<li>Preparar y presentar documentaci\u00f3n aduanera de forma digital, precisa y completa para el despacho de mercanc\u00edas.<\/li>\n<li>Clasificaci\u00f3n de las mercanc\u00edas de acuerdo con el Sistema Armonizado.<\/li>\n<li>Realizar control de exportaciones.<\/li>\n<li>Coordinaci\u00f3n y comunicaci\u00f3n con las autoridades aduaneras para garantizar el cumplimiento normativo.<\/li>\n<li>Asesor\u00eda a clientes sobre procesos y regulaciones aduaneras y de comercio exterior.<\/li>\n<li>Mantenerse actualizado sobre cambios en las regulaciones y acuerdos comerciales.<\/li>\n<li>Documentaci\u00f3n de pedidos y tramitaci\u00f3n de facturas<\/li>\n<li>Atenci\u00f3n telef\u00f3nica al cliente<\/li>\n<\/ul>\n<p><strong>Requisitos:<\/strong><\/p>\n<ul>\n<li>Formaci\u00f3n en Comercio Internacional, Log\u00edstica, Aduanas o campo relacionado.<\/li>\n<li>Experiencia en el despacho de aduanas.<\/li>\n<li>Conocimiento de las regulaciones aduaneras y el Sistema Armonizado.<\/li>\n<li>Buenos conocimientos de MS Office. Experiencia con software relacionado con despacho de aduanas es una ventaja.<\/li>\n<li>Excelentes habilidades de comunicaci\u00f3n.<\/li>\n<li>Gusto para trabajar en equipo y de forma individual.<\/li>\n<li>Buen espa\u00f1ol. Ingl\u00e9s y alem\u00e1n son una ventaja.<\/li>\n<\/ul>\n<p><strong>Ofrecemos:<\/strong><\/p>\n<ul>\n<li>Oportunidad de formar parte de un equipo din\u00e1mico y orientado al \u00e9xito.<\/li>\n<li>Desarrollo profesional y oportunidades de crecimiento.<\/li>\n<li>Remuneraci\u00f3n competitiva.<\/li>\n<li>Capacitaci\u00f3n continua<\/li>\n<\/ul>\n<p>Si est\u00e1s listo para un emocionante desaf\u00edo en el mundo del comercio internacional y aduanas, \u00a1esperamos tu solicitud! Env\u00eda tu curr\u00edculum y carta de presentaci\u00f3n a <a href=\"mailto:administracion@aduacon.es\">administracion@aduacon.es<\/a>.<\/p>\n<\/div>\n<\/div>\n<\/div>\n<p>[\/vc_column_text][\/vc_tta_section][\/vc_tta_tabs][\/vc_column][\/vc_row]<\/p>\n<\/section>","protected":false},"excerpt":{"rendered":"<p>[vc_row gap=\u00bb40&#8243; content_placement=\u00bbmiddle\u00bb css=\u00bb.vc_custom_1681973037172{padding-top: 56px !important;padding-bottom: 48px !important;}\u00bb][vc_column animation_delay=\u00bb0&#8243; offset=\u00bbvc_col-lg-6 vc_col-md-6 vc_col-xs-12&#8243;][\/vc_column][\/vc_row][vc_row gap=\u00bb40&#8243; content_placement=\u00bbmiddle\u00bb css=\u00bb.vc_custom_1681973037172{padding-top: 56px !important;padding-bottom: 48px !important;}\u00bb][vc_column animation_delay=\u00bb0&#8243; width=\u00bb1\/2&#8243; offset=\u00bbvc_col-lg-6 vc_col-md-6 vc_col-xs-12&#8243;][vc_column_text]Nuestro \u00e9xito como uno de los principales proveedores en gesti\u00f3n aduanera y comercial se debe a nuestros empleados motivados, comprometidos y talentosos. Nuestros servicios diversos e innovadores reflejan la experiencia y la [&hellip;]<\/p>\n","protected":false},"author":1,"featured_media":0,"parent":0,"menu_order":0,"comment_status":"closed","ping_status":"closed","template":"page-vc.php","meta":{"footnotes":""},"class_list":["post-17242","page","type-page","status-publish","hentry"],"_links":{"self":[{"href":"https:\/\/www.zollcon.de\/es\/wp-json\/wp\/v2\/pages\/17242","targetHints":{"allow":["GET"]}}],"collection":[{"href":"https:\/\/www.zollcon.de\/es\/wp-json\/wp\/v2\/pages"}],"about":[{"href":"https:\/\/www.zollcon.de\/es\/wp-json\/wp\/v2\/types\/page"}],"author":[{"embeddable":true,"href":"https:\/\/www.zollcon.de\/es\/wp-json\/wp\/v2\/users\/1"}],"replies":[{"embeddable":true,"href":"https:\/\/www.zollcon.de\/es\/wp-json\/wp\/v2\/comments?post=17242"}],"version-history":[{"count":24,"href":"https:\/\/www.zollcon.de\/es\/wp-json\/wp\/v2\/pages\/17242\/revisions"}],"predecessor-version":[{"id":17866,"href":"https:\/\/www.zollcon.de\/es\/wp-json\/wp\/v2\/pages\/17242\/revisions\/17866"}],"wp:attachment":[{"href":"https:\/\/www.zollcon.de\/es\/wp-json\/wp\/v2\/media?parent=17242"}],"curies":[{"name":"wp","href":"https:\/\/api.w.org\/{rel}","templated":true}]}}